{"id":3889,"date":"2025-10-05T17:50:33","date_gmt":"2025-10-05T08:50:33","guid":{"rendered":"https:\/\/jief.jp\/it\/?page_id=3889"},"modified":"2026-01-31T21:13:09","modified_gmt":"2026-01-31T12:13:09","slug":"forum2024","status":"publish","type":"page","link":"https:\/\/jief.jp\/it\/forum2024\/","title":{"rendered":"FORUM ITALIA GIAPPONE &#8211; XII Riunione"},"content":{"rendered":"\t\t<div data-elementor-type=\"wp-post\" data-elementor-id=\"3889\" class=\"elementor elementor-3889\">\n\t\t\t\t<div class=\"elementor-element elementor-element-b200fad e-flex e-con-boxed e-con e-parent\" data-id=\"b200fad\" data-element_type=\"container\" data-e-type=\"container\" data-settings=\"{&quot;background_background&quot;:&quot;classic&quot;}\">\n\t\t\t\t\t<div class=\"e-con-inner\">\n\t\t<div class=\"elementor-element elementor-element-e180f70 e-con-full e-flex e-con e-child\" data-id=\"e180f70\" data-element_type=\"container\" data-e-type=\"container\">\n\t\t\t\t<div class=\"elementor-element elementor-element-74b8c59 elementor-widget elementor-widget-hfe-infocard\" data-id=\"74b8c59\" data-element_type=\"widget\" data-e-type=\"widget\" data-widget_type=\"hfe-infocard.default\">\n\t\t\t\t<div class=\"elementor-widget-container\">\n\t\t\t\t\t\n\t\t<div class=\"hfe-infocard\">\n\t\t\t\t\t\t\t\t\t<div class=\"hfe-infocard-title-wrap\">\n\t\t\t\t<h1 class=\"hfe-infocard-title elementor-inline-editing\" data-elementor-setting-key=\"infocard_title\" data-elementor-inline-editing-toolbar=\"basic\" >Forum Italia Giappone<\/h1>\t\t\t<\/div>\n\t\t\t\t\t\t<div class=\"hfe-infocard-text-wrap\">\n\t\t\t\t<div class=\"hfe-infocard-text elementor-inline-editing\" data-elementor-setting-key=\"infocard_description\" data-elementor-inline-editing-toolbar=\"advanced\">\n\t\t\t\t\tXII EDIZIONE RIUNIONE ANNUALE\t\t\t\t<\/div>\n\t\t\t\t\t\t\t<\/div>\n\t\t<\/div>\n\n\t\t\t\t\t\t<\/div>\n\t\t\t\t<\/div>\n\t\t\t\t<\/div>\n\t\t\t\t\t<\/div>\n\t\t\t\t<\/div>\n\t\t<div class=\"elementor-element elementor-element-3f69f6c5 e-flex e-con-boxed e-con e-parent\" data-id=\"3f69f6c5\" data-element_type=\"container\" data-e-type=\"container\" id=\"xs_drop_1\" data-settings=\"{&quot;background_background&quot;:&quot;classic&quot;}\">\n\t\t\t\t\t<div class=\"e-con-inner\">\n\t\t<div class=\"elementor-element elementor-element-49430f5a e-con-full e-flex e-con e-child\" data-id=\"49430f5a\" data-element_type=\"container\" data-e-type=\"container\">\n\t\t\t\t<div class=\"elementor-element elementor-element-104adc0 elementor-widget elementor-widget-heading\" data-id=\"104adc0\" data-element_type=\"widget\" data-e-type=\"widget\" data-widget_type=\"heading.default\">\n\t\t\t\t<div class=\"elementor-widget-container\">\n\t\t\t\t\t<h2 class=\"elementor-heading-title elementor-size-default\">11 dicembre 2024 - Sala ISMA, Senato della Repubblica, Roma<\/h2>\t\t\t\t<\/div>\n\t\t\t\t<\/div>\n\t\t\t\t<div class=\"elementor-element elementor-element-e744408 elementor-widget elementor-widget-text-editor\" data-id=\"e744408\" data-element_type=\"widget\" data-e-type=\"widget\" data-widget_type=\"text-editor.default\">\n\t\t\t\t<div class=\"elementor-widget-container\">\n\t\t\t\t\t\t\t\t\t<p>Si \u00e8 conclusa a Roma la dodicesima riunione del Forum Italia-Giappone, ospitata nella Sala Isma del Senato, organizzata dalla nostra Federazione con il patrocinio del Senato della Repubblica e la collaborazione del CREA, l&#8217;Ente di ricerca del Ministero dell&#8217;Agricoltura.<\/p><p>Tra i supporter dell&#8217;iniziativa, la Japan Business Federation (Confindustria giapponese), la Camera di Commercio e Industria giapponese in Italia, CIA Agricoltori Italiani, la Camera di Commercio Italo Orientale e lo IUSS (International Union of Soil Sciences).<\/p><p>Hanno partecipato alla riunione, aperta come di consueto dall&#8217;intervento del Presidente Daniele Di santo, fondatore del Forum, il Senatore Luca De Carlo, Presidente della IX Commissione del Senato, il Ministro della Giustizia del Giappone e Segretario generale Globe Japan Keisuke Suzuki, il Vice Ministro dell\u2019Agricoltura del Giappone Hirofumi Takinami, l&#8217;On. Makoto Oniki, gi\u00e0 Vice Ministro della Difesa, il Presidente del CREA Andrea Rocchi, il Presidente di CIA Agricoltori Italiani Cristiano Fini, S.E. Satoshi Suzuki, Ambasciatore del Giappone in Italia, il Presidente di Mitsui Italia e della Camera di Commercio Giapponese in Italia Sadao Hisada , il Sen. Satoshi Oie, della Camera dei Consiglieri giapponese, l&#8217;Ambasciatore d\u2019Italia in Giappone S.E. Gianluigi Benedetti, l&#8217;Assessore a Bilancio e Agricoltura della Regione Lazio Giancarlo Righini.<\/p><p>Nella seconda parte, il Forum si e` concentrato sulla presentazione delle numerose collaborazioni avviate e dei lavori realizzati dalla Japan Italy Economic Federation nel corso del 2024, con un focus sui prossimi appuntamenti internazionali all\u2019orizzonte, l&#8217;Expo di Osaka 2025 e quello di Yokohama del 2027. Tra i relatori della seconda sessione: Giuseppe Corti, Direttore CREA Agricoltura e Ambiente e Head of IUSS Secretariat, insieme al suo omologo giapponese Takashi Kosaki, Former President IUSS; Matteo Favero, Presidente Globe Italia; Enrico Calentini, Presidente AGIA-CIA; Alessandra Barnaba, Coordinatrice nazionale JIEF e Consigliere Camera di Commercio Italo Orientale; Sabrina Alfonsi, Assessora all\u2019Agricoltura e Ambiente Roma Capitale.<\/p><p>Il Forum Italia-Giappone nasce nel 2013 a Fukuoka e prende il suo nome e la sua attuale struttura nel 2020. Il suo scopo e` quello di favorire il dialogo e lo scambio tra decisori pubblici e importanti players privati dei due paesi, mantenendo un osservatorio stabile non solo sulle dinamiche economiche, ma anche su quelle scientifiche, sociali e culturali in atto tra Italia e Giappone.<\/p><p>Nel corso dei lavori del Forum Italia Giappone 2024 sono state consegnate, per la prima volta a personalit\u00e0 italiane, le onorificenze di &#8220;Honorary Advisor&#8221;, importante riconoscimento per chi si \u00e8 particolarmente distinto nel promuovere le relazioni tra Italia e Giappone. Tra i premiati: Francesco Lollobrigida, Ministro dell\u2019Agricoltura, della Sovranit\u00e0 alimentare e delle Foreste; Luca De Carlo, presidente della IX Commissione del Senato; il presidente del CREA Andrea Rocchi; il presidente di CIA Cristiano Fini; il prof. Giuseppe Corti, direttore CREA Agricoltura e Ambiente e Responsabile del Segretariato IUSS; Micaela Giambanco, scrittrice e sushi chef; Cristina Giannetti, capo Ufficio stampa CREA.<br \/>&#8220;Si tratta di un riconoscimento che assegniamo a personalit\u00e0 che si siano particolarmente distinte nel promuovere le relazioni tra Italia e Giappone. Quest\u2019anno, per la prima volta, lo abbiamo dato a personalit\u00e0 italiane, segno di un dialogo sempre pi\u00f9 fitto e vitale, soprattutto su temi di interesse comune come l\u2019ambiente e l\u2019agricoltura&#8221;, ha spiegato il presidente Daniele Di Santo.<\/p><p>&#8220;Abbiamo visto in questi mesi il contesto geopolitico mondiale degradarsi rapidamente, con le guerre in corso in Ucraina e in Medioriente e le crescenti tensioni nell&#8217;Indo-pacifico, che sono andate ad aggravare un contesto gi\u00e0 precario segnato dall&#8217;aumento dei costi di energia e materie e dell&#8217;inflazione, dai problemi legati ai cambiamenti climatici, dall&#8217;invecchiamento della popolazione che si riflette sul sistema agricolo causando invecchiamento delle imprese e una difficolta nel ricambio generazionale che rischia di incidere pesantemente sulla stessa sicurezza alimentare. A fronte di questo scenario, le relazioni tra Italia e Giappone hanno segnato un rafforzamento senza precedenti&#8221;, ha dichiarato il presidente Di Santo nel suo intervento di apertura.<\/p><p>&#8220;Italia e Giappone sono su parti opposte del globo, lontane per geografia, storia e cultura. Eppure, sono tanti i tratti comuni che le avvicinano e le uniscono. Entrambe con una grande storia alle spalle, ma con la capacit\u00e0 di guardare avanti, coltivando eccellenza, talenti, creativit\u00e0 e innovazione. Insomma, tradizione e innovazione che convivono e si sostengono a vicenda. Al nostro governo va dato il merito di aver dato una stretta fortissima al rapporto tra le due Nazioni, promuovendo il dialogo sullo specifico tema dell&#8217;agricoltura, ormai cruciale, ma secondario fino a qualche anno fa\u201d. Cos\u00ec il Senatore Luca De Carlo, presidente della IX Commissione del Senato<\/p><p>\u201cIn questo momento \u2013 ha dichiarato Andrea Rocchi, presidente del CREA &#8211; la ricerca \u00e8 sempre pi\u00f9 focalizzata su aspetti legati alla produzione di piante e animali sani e di cibi sani e in quantit\u00e0 sufficiente, e, di conseguenza, sempre pi\u00f9 impegnata per rendere suoli, agro-ecosistemi e sistemi agricoli sani e resilienti. Con il JIEF abbiamo il comune obiettivo di un\u2019agricoltura sostenibile, resiliente e innovativa, capace al tempo stesso di garantire un reddito dignitoso agli agricoltori, di custodire e valorizzare il territorio e di essere attrattiva per le giovani generazioni. Ben venga dunque la collaborazione e anzi auspichiamo che gli scambi tecnico-scientifici tra i nostri Paesi vengano rafforzati sempre pi\u00f9&#8221;.<\/p><p>&#8220;Costruiamo insieme soluzioni innovative a problemi comuni, dall\u2019impatto della crisi climatica sulle produzioni alla riduzione di suolo agricolo \u2013 afferma Cristiano Fini, presidente CIA &#8211; senza contare che proprio Giappone e Italia hanno la popolazione pi\u00f9 anziana del mondo, con effetti negativi sul ricambio generazionale. Puntiamo sui giovani e le aree interne, creiamo sinergie costanti su formazione specializzata, digitalizzazione e ricerca&#8221;.<\/p><p>&#8220;Quest&#8217;anno l&#8217;Italia ha ospitato il G7 e ha avuto molto successo. L&#8217;anno prossimo ospiteremo l&#8217;Expo ad Osaka. Quindi ci aspettiamo molte pi\u00f9 transazioni o scambi, e ci sono molte opportunit\u00e0 di aumentare ulteriormente le nostre buone relazioni&#8221; ha spiegato Satoshi Suzuki, ambasciatore del Giappone in Italia, a margine del Forum Italia &#8211; Giappone.<\/p><p>&#8220;Grazie al deciso impulso politico impresso dai primi ministri Meloni e Kishida nel gennaio del 2023 con l&#8217;avvio del partenariato strategico che ha aperto quella che io definisco una nuova era nelle relazioni bilaterali, abbiamo definito un piano d&#8217;azione triennale che copre praticamente ogni settore strategico, da quello politico diplomatico a quello militare, dalla sicurezza economica alla cooperazione industriale, dalla ricerca scientifica e tecnologica alle attivit\u00e0 culturali&#8221;, ha dichiarato in video l&#8217;Ambasciatore italiano in Giappone Gianluigi Benedetti.<\/p><p>Non sono mancati gli interventi da parte di esponenti dei due governi.<\/p><p>&#8220;Se ci fermiamo a pensare alle nostre reciproche caratteristiche scopriamo che i nostri due Paesi hanno in comune problemi e opportunit\u00e0. Entrambi hanno un territorio vario, splendido ma fragile. Entrambi hanno un\u2019economia e una manifattura vivaci e di grande valore, ma non accompagnate dalla disponibilit\u00e0 di materie prime. Entrambi amano la tradizione ma sono proiettati nel futuro. Entrambi hanno nel cibo e nell\u2019agroalimentare di qualit\u00e0 un importante elemento identitario e una voce importante dell\u2019export. Sono sfide e opportunit\u00e0 che ci accomunano, fungendo da tessuto comune sul quale far crescere nuove collaborazioni, attraverso il quale scambiarsi intuizioni e soluzioni&#8221;, ha dichiarato nel suo messaggio inviato agli organizzatori il Ministro dell&#8217;Ambiente e della Sicurezza Energetica Pichetto Fratin.<\/p><p>&#8220;Sono veramente lieto del lavoro di ponte che anche quest&#8217;anno svolger\u00e0 il Forum Italia Giappone, in questa sua riunione del 2024. Nel 2027 a Yokohama, nel mio collegio elettorale, si terr\u00e0 il Green Expo, l\u2019Esposizione universale dell\u2019orticoltura, il cui tema sar\u00e0 : come pu\u00f2 la Terra crescere in modo sostenibile? La biodiversit\u00e0 \u00e8 una questione importante, ma come possiamo coesistere come societ\u00e0 con la natura? Credo che questo sia un tema molto importante non solo in Giappone e in Italia, ma anche in molti altri Paesi. Penso che d\u2019ora in poi tutti discuteranno di questi problemi&#8221;, queste le parole del Ministro della Giustizia giapponese Keisuke Suzuki.<\/p><p>&#8220;Per il Giappone, l\u2019Italia \u00e8 un partner strategico che condivide valori e principi come la democrazia liberale, i diritti umani e lo stato di diritto. Ora che le divisioni e i conflitti stanno minacciando la comunit\u00e0 internazionale, \u00e8 necessaria una stretta cooperazione tra paesi che la pensano allo stesso modo&#8221;, il Senatore, gia` Vice Ministro delle Finanze giapponese e storico supporter del Forum Satoshi Oie.<\/p>\t\t\t\t\t\t\t\t<\/div>\n\t\t\t\t<\/div>\n\t\t\t\t<div class=\"elementor-element elementor-element-33bf151 elementor-arrows-position-inside elementor-pagination-position-outside elementor-widget elementor-widget-image-carousel\" data-id=\"33bf151\" data-element_type=\"widget\" data-e-type=\"widget\" data-settings=\"{&quot;navigation&quot;:&quot;both&quot;,&quot;autoplay&quot;:&quot;yes&quot;,&quot;pause_on_hover&quot;:&quot;yes&quot;,&quot;pause_on_interaction&quot;:&quot;yes&quot;,&quot;autoplay_speed&quot;:5000,&quot;infinite&quot;:&quot;yes&quot;,&quot;speed&quot;:500}\" data-widget_type=\"image-carousel.default\">\n\t\t\t\t<div class=\"elementor-widget-container\">\n\t\t\t\t\t\t\t<div class=\"elementor-image-carousel-wrapper swiper\" role=\"region\" aria-roledescription=\"carousel\" aria-label=\"Carosello d&#039;immagini\" dir=\"ltr\">\n\t\t\t<div class=\"elementor-image-carousel swiper-wrapper\" aria-live=\"off\">\n\t\t\t\t\t\t\t\t<div class=\"swiper-slide\" role=\"group\" aria-roledescription=\"slide\" aria-label=\"1 di 33\"><figure class=\"swiper-slide-inner\"><img decoding=\"async\" class=\"swiper-slide-image\" src=\"https:\/\/jief.jp\/it\/wp-content\/uploads\/2024\/12\/Forum_Italia_Giappone_Righini.jpg\" alt=\"Giancarlo Righini Assessore Bilancio e Agricoltura Regione Lazio\" \/><figcaption class=\"elementor-image-carousel-caption\">Giancarlo Righini Assessore Bilancio e Agricoltura Regione Lazio<\/figcaption><\/figure><\/div><div class=\"swiper-slide\" role=\"group\" aria-roledescription=\"slide\" aria-label=\"2 di 33\"><figure class=\"swiper-slide-inner\"><img decoding=\"async\" class=\"swiper-slide-image\" src=\"https:\/\/jief.jp\/it\/wp-content\/uploads\/2024\/12\/Forum_Italia_Giappone_2024_Fini-1-1.jpg\" alt=\"Cristiano Fini Presidente CIA Agricoltori Italiani\" \/><figcaption class=\"elementor-image-carousel-caption\">Cristiano Fini Presidente CIA Agricoltori Italiani<\/figcaption><\/figure><\/div><div class=\"swiper-slide\" role=\"group\" aria-roledescription=\"slide\" aria-label=\"3 di 33\"><figure class=\"swiper-slide-inner\"><img decoding=\"async\" class=\"swiper-slide-image\" src=\"https:\/\/jief.jp\/it\/wp-content\/uploads\/2024\/12\/Forum_Italia_Giappone_2024_ViceMinistroMaff-Takinami-2.jpg\" alt=\"Sen. Hirofumi Takinami Vice Ministro dell\u2019Agricoltura\" \/><figcaption class=\"elementor-image-carousel-caption\">Sen. Hirofumi Takinami Vice Ministro dell\u2019Agricoltura<\/figcaption><\/figure><\/div><div class=\"swiper-slide\" role=\"group\" aria-roledescription=\"slide\" aria-label=\"4 di 33\"><figure class=\"swiper-slide-inner\"><img decoding=\"async\" class=\"swiper-slide-image\" src=\"https:\/\/jief.jp\/it\/wp-content\/uploads\/2024\/12\/Forum_Italia_Giappone_2024_ViceMinistroMaff-Takinami-1.jpg\" alt=\"Sen. Hirofumi Takinami Vice Ministro dell\u2019Agricoltura\" \/><figcaption class=\"elementor-image-carousel-caption\">Sen. Hirofumi Takinami Vice Ministro dell\u2019Agricoltura<\/figcaption><\/figure><\/div><div class=\"swiper-slide\" role=\"group\" aria-roledescription=\"slide\" aria-label=\"5 di 33\"><figure class=\"swiper-slide-inner\"><img decoding=\"async\" class=\"swiper-slide-image\" src=\"https:\/\/jief.jp\/it\/wp-content\/uploads\/2024\/12\/Forum_Italia_Giappone_2024_Sen-Oie-1.jpg\" alt=\"Sen. Satoshi Oie\" \/><figcaption class=\"elementor-image-carousel-caption\">Sen. Satoshi Oie<\/figcaption><\/figure><\/div><div class=\"swiper-slide\" role=\"group\" aria-roledescription=\"slide\" aria-label=\"6 di 33\"><figure class=\"swiper-slide-inner\"><img decoding=\"async\" class=\"swiper-slide-image\" src=\"https:\/\/jief.jp\/it\/wp-content\/uploads\/2024\/12\/Forum_Italia_Giappone_2024_SenDeCarlo-2.jpg\" alt=\"Sen. Luca De Carlo\" \/><figcaption class=\"elementor-image-carousel-caption\">Sen. Luca De Carlo<\/figcaption><\/figure><\/div><div class=\"swiper-slide\" role=\"group\" aria-roledescription=\"slide\" aria-label=\"7 di 33\"><figure class=\"swiper-slide-inner\"><img decoding=\"async\" class=\"swiper-slide-image\" src=\"https:\/\/jief.jp\/it\/wp-content\/uploads\/2024\/12\/Forum_Italia_Giappone_2024_PresidenteHisada-1.jpg\" alt=\"Sadao Hisada Presidente della Camera di Commercio giapponese in Italia e di Mitsui &amp; Co. Italia S.p.A.\" \/><figcaption class=\"elementor-image-carousel-caption\">Sadao Hisada Presidente della Camera di Commercio giapponese in Italia e di Mitsui &amp; Co. Italia S.p.A.<\/figcaption><\/figure><\/div><div class=\"swiper-slide\" role=\"group\" aria-roledescription=\"slide\" aria-label=\"8 di 33\"><figure class=\"swiper-slide-inner\"><img decoding=\"async\" class=\"swiper-slide-image\" src=\"https:\/\/jief.jp\/it\/wp-content\/uploads\/2024\/12\/Forum_Italia_Giappone_2024_Professore-Kosaki.jpg\" alt=\"Takashi Kosaki Former President IUSS\" \/><figcaption class=\"elementor-image-carousel-caption\">Takashi Kosaki Former President IUSS<\/figcaption><\/figure><\/div><div class=\"swiper-slide\" role=\"group\" aria-roledescription=\"slide\" aria-label=\"9 di 33\"><figure class=\"swiper-slide-inner\"><img decoding=\"async\" class=\"swiper-slide-image\" src=\"https:\/\/jief.jp\/it\/wp-content\/uploads\/2024\/12\/Forum_Italia_Giappone_2024_Rocchi-1.jpg\" alt=\"Giuseppe Corti Direttore CREA Agricoltura e Ambiente\" \/><figcaption class=\"elementor-image-carousel-caption\">Giuseppe Corti Direttore CREA Agricoltura e Ambiente<\/figcaption><\/figure><\/div><div class=\"swiper-slide\" role=\"group\" aria-roledescription=\"slide\" aria-label=\"10 di 33\"><figure class=\"swiper-slide-inner\"><img decoding=\"async\" class=\"swiper-slide-image\" src=\"https:\/\/jief.jp\/it\/wp-content\/uploads\/2024\/12\/Forum_Italia_Giappone_2024_Rocchi-2.jpg\" alt=\"Andrea Rocchi Presidente CREA\" \/><figcaption class=\"elementor-image-carousel-caption\">Andrea Rocchi Presidente CREA<\/figcaption><\/figure><\/div><div class=\"swiper-slide\" role=\"group\" aria-roledescription=\"slide\" aria-label=\"11 di 33\"><figure class=\"swiper-slide-inner\"><img decoding=\"async\" class=\"swiper-slide-image\" src=\"https:\/\/jief.jp\/it\/wp-content\/uploads\/2024\/12\/Forum_Italia_Giappone_2024_SalaIsma_floor.jpg\" alt=\"Forum_Italia_Giappone_2024_SalaIsma_floor\" \/><\/figure><\/div><div class=\"swiper-slide\" role=\"group\" aria-roledescription=\"slide\" aria-label=\"12 di 33\"><figure class=\"swiper-slide-inner\"><img decoding=\"async\" class=\"swiper-slide-image\" src=\"https:\/\/jief.jp\/it\/wp-content\/uploads\/2024\/12\/Forum_Italia_Giappone_2024_SenDeCarlo-1.jpg\" alt=\"Sen. Luca De Carlo\" \/><figcaption class=\"elementor-image-carousel-caption\">Sen. Luca De Carlo<\/figcaption><\/figure><\/div><div class=\"swiper-slide\" role=\"group\" aria-roledescription=\"slide\" aria-label=\"13 di 33\"><figure class=\"swiper-slide-inner\"><img decoding=\"async\" class=\"swiper-slide-image\" src=\"https:\/\/jief.jp\/it\/wp-content\/uploads\/2024\/12\/Forum_Italia_Giappone_2024_On-Suzuki-2.jpg\" alt=\"On. Keisuke Suzuki Ministro della Giustizia\" \/><figcaption class=\"elementor-image-carousel-caption\">On. Keisuke Suzuki Ministro della Giustizia<\/figcaption><\/figure><\/div><div class=\"swiper-slide\" role=\"group\" aria-roledescription=\"slide\" aria-label=\"14 di 33\"><figure class=\"swiper-slide-inner\"><img decoding=\"async\" class=\"swiper-slide-image\" src=\"https:\/\/jief.jp\/it\/wp-content\/uploads\/2024\/12\/Forum_Italia_Giappone_2024_On-Suzuki-1.jpg\" alt=\"On. Keisuke Suzuki Ministro della Giustizia\" \/><figcaption class=\"elementor-image-carousel-caption\">On. Keisuke Suzuki Ministro della Giustizia<\/figcaption><\/figure><\/div><div class=\"swiper-slide\" role=\"group\" aria-roledescription=\"slide\" aria-label=\"15 di 33\"><figure class=\"swiper-slide-inner\"><img decoding=\"async\" class=\"swiper-slide-image\" src=\"https:\/\/jief.jp\/it\/wp-content\/uploads\/2024\/12\/Forum_Italia_Giappone_2024_On-Oniki-3.jpg\" alt=\"Forum_Italia_Giappone_2024_On-Oniki-3\" \/><\/figure><\/div><div class=\"swiper-slide\" role=\"group\" aria-roledescription=\"slide\" aria-label=\"16 di 33\"><figure class=\"swiper-slide-inner\"><img decoding=\"async\" class=\"swiper-slide-image\" src=\"https:\/\/jief.jp\/it\/wp-content\/uploads\/2024\/12\/Forum_Italia_Giappone_2024_On-Oniki-2.jpg\" alt=\"On. Makoto Oniki Ex Vice Ministro della Difesa\" \/><figcaption class=\"elementor-image-carousel-caption\">On. Makoto Oniki Ex Vice Ministro della Difesa<\/figcaption><\/figure><\/div><div class=\"swiper-slide\" role=\"group\" aria-roledescription=\"slide\" aria-label=\"17 di 33\"><figure class=\"swiper-slide-inner\"><img decoding=\"async\" class=\"swiper-slide-image\" src=\"https:\/\/jief.jp\/it\/wp-content\/uploads\/2024\/12\/Forum_Italia_Giappone_2024_honorary1.jpg\" alt=\"Forum_Italia_Giappone_2024_honorary1\" \/><\/figure><\/div><div class=\"swiper-slide\" role=\"group\" aria-roledescription=\"slide\" aria-label=\"18 di 33\"><figure class=\"swiper-slide-inner\"><img decoding=\"async\" class=\"swiper-slide-image\" src=\"https:\/\/jief.jp\/it\/wp-content\/uploads\/2024\/12\/Forum_Italia_Giappone_2024_honorary2.jpg\" alt=\"Forum Italia Giappone 2024\" \/><figcaption class=\"elementor-image-carousel-caption\">Forum Italia Giappone 2024<\/figcaption><\/figure><\/div><div class=\"swiper-slide\" role=\"group\" aria-roledescription=\"slide\" aria-label=\"19 di 33\"><figure class=\"swiper-slide-inner\"><img decoding=\"async\" class=\"swiper-slide-image\" src=\"https:\/\/jief.jp\/it\/wp-content\/uploads\/2024\/12\/Forum_Italia_Giappone_2024_Fini-1.jpg\" alt=\"Forum_Italia_Giappone_2024_Fini-1\" \/><\/figure><\/div><div class=\"swiper-slide\" role=\"group\" aria-roledescription=\"slide\" aria-label=\"20 di 33\"><figure class=\"swiper-slide-inner\"><img decoding=\"async\" class=\"swiper-slide-image\" src=\"https:\/\/jief.jp\/it\/wp-content\/uploads\/2024\/12\/Forum_Italia_Giappone_2024_honorary.jpg\" alt=\"Sen. Luca De Carlo e Daniele Di Santo - Presidente JIEF\" \/><figcaption class=\"elementor-image-carousel-caption\">Sen. Luca De Carlo e Daniele Di Santo - Presidente JIEF<\/figcaption><\/figure><\/div><div class=\"swiper-slide\" role=\"group\" aria-roledescription=\"slide\" aria-label=\"21 di 33\"><figure class=\"swiper-slide-inner\"><img decoding=\"async\" class=\"swiper-slide-image\" src=\"https:\/\/jief.jp\/it\/wp-content\/uploads\/2024\/12\/Forum_Italia_Giappone_2024_Favero-1.jpg\" alt=\"Matteo Favero Presidente Globe Italia\" \/><figcaption class=\"elementor-image-carousel-caption\">Matteo Favero Presidente Globe Italia<\/figcaption><\/figure><\/div><div class=\"swiper-slide\" role=\"group\" aria-roledescription=\"slide\" aria-label=\"22 di 33\"><figure class=\"swiper-slide-inner\"><img decoding=\"async\" class=\"swiper-slide-image\" src=\"https:\/\/jief.jp\/it\/wp-content\/uploads\/2024\/12\/Forum_Italia_Giappone_2024_DiSanto-3.jpg\" alt=\"Daniele Di Santo Presidente di Japan Italy Economic Federation\" \/><figcaption class=\"elementor-image-carousel-caption\">Daniele Di Santo Presidente di Japan Italy Economic Federation<\/figcaption><\/figure><\/div><div class=\"swiper-slide\" role=\"group\" aria-roledescription=\"slide\" aria-label=\"23 di 33\"><figure class=\"swiper-slide-inner\"><img decoding=\"async\" class=\"swiper-slide-image\" src=\"https:\/\/jief.jp\/it\/wp-content\/uploads\/2024\/12\/Forum_Italia_Giappone_2024_DiSanto-1.jpg\" alt=\"Daniele Di Santo Presidente di Japan Italy Economic Federation\" \/><figcaption class=\"elementor-image-carousel-caption\">Daniele Di Santo Presidente di Japan Italy Economic Federation<\/figcaption><\/figure><\/div><div class=\"swiper-slide\" role=\"group\" aria-roledescription=\"slide\" aria-label=\"24 di 33\"><figure class=\"swiper-slide-inner\"><img decoding=\"async\" class=\"swiper-slide-image\" src=\"https:\/\/jief.jp\/it\/wp-content\/uploads\/2024\/12\/Forum_Italia_Giappone_2024_Corti-1.jpg\" alt=\"Giuseppe Corti Direttore CREA Agricoltura e Ambiente\" \/><figcaption class=\"elementor-image-carousel-caption\">Giuseppe Corti Direttore CREA Agricoltura e Ambiente<\/figcaption><\/figure><\/div><div class=\"swiper-slide\" role=\"group\" aria-roledescription=\"slide\" aria-label=\"25 di 33\"><figure class=\"swiper-slide-inner\"><img decoding=\"async\" class=\"swiper-slide-image\" src=\"https:\/\/jief.jp\/it\/wp-content\/uploads\/2024\/12\/Forum_Italia_Giappone_2024_Ambasciatore-Benedetti-1.jpg\" alt=\"S.E. Gianluigi Benedetti Ambasciatore d\u2019Italia in Giappone\" \/><figcaption class=\"elementor-image-carousel-caption\">S.E. Gianluigi Benedetti Ambasciatore d\u2019Italia in Giappone<\/figcaption><\/figure><\/div><div class=\"swiper-slide\" role=\"group\" aria-roledescription=\"slide\" aria-label=\"26 di 33\"><figure class=\"swiper-slide-inner\"><img decoding=\"async\" class=\"swiper-slide-image\" src=\"https:\/\/jief.jp\/it\/wp-content\/uploads\/2024\/12\/Forum_Italia_Giappone_2024_Ambasciatore-Suzuki-1.jpg\" alt=\"S.E. Satoshi Suzuki Ambasciatore del Giappone in Italia\" \/><figcaption class=\"elementor-image-carousel-caption\">S.E. Satoshi Suzuki Ambasciatore del Giappone in Italia<\/figcaption><\/figure><\/div><div class=\"swiper-slide\" role=\"group\" aria-roledescription=\"slide\" aria-label=\"27 di 33\"><figure class=\"swiper-slide-inner\"><img decoding=\"async\" class=\"swiper-slide-image\" src=\"https:\/\/jief.jp\/it\/wp-content\/uploads\/2024\/12\/Forum_Italia_Giappone_2024_Ambasciatore-Suzuki-3.jpg\" alt=\"S.E. Satoshi Suzuki Ambasciatore del Giappone in Italia\" \/><figcaption class=\"elementor-image-carousel-caption\">S.E. Satoshi Suzuki Ambasciatore del Giappone in Italia<\/figcaption><\/figure><\/div><div class=\"swiper-slide\" role=\"group\" aria-roledescription=\"slide\" aria-label=\"28 di 33\"><figure class=\"swiper-slide-inner\"><img decoding=\"async\" class=\"swiper-slide-image\" src=\"https:\/\/jief.jp\/it\/wp-content\/uploads\/2024\/12\/Forum_Italia_Giappone_2024_Barnaba-1.jpg\" alt=\"Alessandra Barnaba Coordinatrice nazionale JIEF e Consigliere Camera di Commercio Italo Orientale\" \/><figcaption class=\"elementor-image-carousel-caption\">Alessandra Barnaba Coordinatrice nazionale JIEF e Consigliere Camera di Commercio Italo Orientale<\/figcaption><\/figure><\/div><div class=\"swiper-slide\" role=\"group\" aria-roledescription=\"slide\" aria-label=\"29 di 33\"><figure class=\"swiper-slide-inner\"><img decoding=\"async\" class=\"swiper-slide-image\" src=\"https:\/\/jief.jp\/it\/wp-content\/uploads\/2024\/12\/Forum_Italia_Giappone_2024_Calentini-1.jpg\" alt=\"Enrico Calentini Presidente AGIA\" \/><figcaption class=\"elementor-image-carousel-caption\">Enrico Calentini Presidente AGIA<\/figcaption><\/figure><\/div><div class=\"swiper-slide\" role=\"group\" aria-roledescription=\"slide\" aria-label=\"30 di 33\"><figure class=\"swiper-slide-inner\"><img decoding=\"async\" class=\"swiper-slide-image\" src=\"https:\/\/jief.jp\/it\/wp-content\/uploads\/2024\/12\/Forum_Italia_Giappone_2024_Calentini-2.jpg\" alt=\"Enrico Calentini Presidente AGIA\" \/><figcaption class=\"elementor-image-carousel-caption\">Enrico Calentini Presidente AGIA<\/figcaption><\/figure><\/div><div class=\"swiper-slide\" role=\"group\" aria-roledescription=\"slide\" aria-label=\"31 di 33\"><figure class=\"swiper-slide-inner\"><img decoding=\"async\" class=\"swiper-slide-image\" src=\"https:\/\/jief.jp\/it\/wp-content\/uploads\/2024\/12\/Forum_Italia_Giappone_2024_Alfonsi-1.jpg\" alt=\"Sabrina Alfonsi Assessora Roma Capitale\" \/><figcaption class=\"elementor-image-carousel-caption\">Sabrina Alfonsi Assessora Roma Capitale<\/figcaption><\/figure><\/div><div class=\"swiper-slide\" role=\"group\" aria-roledescription=\"slide\" aria-label=\"32 di 33\"><figure class=\"swiper-slide-inner\"><img decoding=\"async\" class=\"swiper-slide-image\" src=\"https:\/\/jief.jp\/it\/wp-content\/uploads\/2024\/12\/Forum_Italia_Giappone_2024-2.jpg\" alt=\"Forum Italia Giappone 2024\" \/><figcaption class=\"elementor-image-carousel-caption\">Forum Italia Giappone 2024<\/figcaption><\/figure><\/div><div class=\"swiper-slide\" role=\"group\" aria-roledescription=\"slide\" aria-label=\"33 di 33\"><figure class=\"swiper-slide-inner\"><img decoding=\"async\" class=\"swiper-slide-image\" src=\"https:\/\/jief.jp\/it\/wp-content\/uploads\/2024\/12\/Forum_Italia_Giappone_2024-0.jpg\" alt=\"On. Makoto Oniki Ex Vice Ministro della Difesa\" \/><figcaption class=\"elementor-image-carousel-caption\">On. Makoto Oniki Ex Vice Ministro della Difesa<\/figcaption><\/figure><\/div>\t\t\t<\/div>\n\t\t\t\t\t\t\t\t\t\t\t\t<div class=\"elementor-swiper-button elementor-swiper-button-prev\" role=\"button\" tabindex=\"0\">\n\t\t\t\t\t\t<i aria-hidden=\"true\" class=\"eicon-chevron-left\"><\/i>\t\t\t\t\t<\/div>\n\t\t\t\t\t<div class=\"elementor-swiper-button elementor-swiper-button-next\" role=\"button\" tabindex=\"0\">\n\t\t\t\t\t\t<i aria-hidden=\"true\" class=\"eicon-chevron-right\"><\/i>\t\t\t\t\t<\/div>\n\t\t\t\t\n\t\t\t\t\t\t\t\t\t<div class=\"swiper-pagination\"><\/div>\n\t\t\t\t\t\t\t\t\t<\/div>\n\t\t\t\t\t\t<\/div>\n\t\t\t\t<\/div>\n\t\t\t\t<div class=\"elementor-element elementor-element-39b59cc elementor-widget elementor-widget-text-editor\" data-id=\"39b59cc\" data-element_type=\"widget\" data-e-type=\"widget\" data-widget_type=\"text-editor.default\">\n\t\t\t\t<div class=\"elementor-widget-container\">\n\t\t\t\t\t\t\t\t\t<p><strong>Rassegna Stampa\uff1a<\/strong><br \/><a href=\"https:\/\/www.radioradicale.it\/scheda\/746533\/xii-edizione-forum-italia-giappone-due-paesi-una-visione-molte-sinergie\" target=\"_blank\" rel=\"noreferrer noopener nofollow\">Radio Radicale<\/a><br \/><a href=\"https:\/\/www.dire.it\/11-12-2024\/1107479-video-dal-forum-italia-giappone-il-ponte-per-expo-osaka-2025\/\" target=\"_blank\" rel=\"noreferrer noopener nofollow\">Agenzia DIRE<\/a><br \/><a href=\"https:\/\/agricolae.eu\/forum-italia-giappone-uniti-da-tradizione-e-innovazione-export-made-in-italy-a-900-mln-videointerviste\/?utm_source=mailpoet&amp;utm_medium=email&amp;utm_source_platform=mailpoet&amp;utm_campaign=consumo-del-suolo-italia-perde-28-campi-di-calcio-al-giorno-di-terreno-fertile-il-cemento-avanza-infografica-4845\" target=\"_blank\" rel=\"noreferrer noopener nofollow\">Agricolae<\/a> \/ <a href=\"https:\/\/agricolae.eu\/giappone-rocchi-crea-nostra-ricerca-a-supporto-anche-di-sviluppo-competenze-bilaterali-videointervista\/\">2<\/a> \/ <a href=\"https:\/\/agricolae.eu\/giappone-fini-cia-paesi-simili-stessi-problemi-come-emergenza-climatica-e-aree-interne-videointervista\/\">3<\/a> \/<br \/><a href=\"https:\/\/www.crea.gov.it\/-\/forum-italia-giappone-xii-edizione-due-paesi-una-visione-molte-sinergie-2\" target=\"_blank\" rel=\"noreferrer noopener nofollow\">CREA<\/a><br \/><a href=\"https:\/\/askanews.it\/2024\/12\/11\/forum-italia-giappone-consegnate-onorificenze-honorary-advisor\/\" target=\"_blank\" rel=\"noreferrer noopener nofollow\">Askanews<\/a><br \/><a href=\"https:\/\/agenparl.eu\/2024\/12\/11\/crea-forum-italia-giappone-xii-edizione-due-paesi-una-visione-molte-sinergie\/\" target=\"_blank\" rel=\"noreferrer noopener nofollow\">Agenparl<\/a> \/ <a href=\"https:\/\/agenparl.eu\/2024\/12\/11\/italia-giappone-de-carlo-fdi-due-nazioni-fortemente-tradizionaliste-ma-lanciate-verso-il-futuro\/\">2<\/a> \/<br \/><a href=\"https:\/\/cia.it\/news\/notizie\/forum-italia-giappone-al-presidente-fini-lonorificienza-jief-honorary-advisor\/\" target=\"_blank\" rel=\"noreferrer noopener nofollow\">Cia Agricoltori Italiani<\/a><br \/><a href=\"https:\/\/www.lavocedelpatriota.it\/italia-giappone-de-carlo-fdi-due-nazioni-fortemente-tradizionaliste-ma-lanciate-verso-il-futuro\/\" target=\"_blank\" rel=\"noreferrer noopener nofollow\">La Voce del Patriota<\/a><br \/><a href=\"https:\/\/www.agricultura.it\/2024\/12\/11\/forum-italia-giappone-due-paesi-una-visione-e-sinergia-collaborazione-nella-ricerca-con-il-crea\/\" target=\"_blank\" rel=\"noreferrer noopener nofollow\">Agricultura.it<\/a><br \/><a href=\"https:\/\/www.giornalediplomatico.it\/xii-forum-italia-giappone-al-senato-mercoledi-11-dicembre.htm\" target=\"_blank\" rel=\"noreferrer noopener nofollow\">Giornale Diplomatico<\/a><\/p>\t\t\t\t\t\t\t\t<\/div>\n\t\t\t\t<\/div>\n\t\t\t\t<\/div>\n\t\t\t\t<div class=\"elementor-element elementor-element-1e4a675 elementor-widget elementor-widget-image\" data-id=\"1e4a675\" data-element_type=\"widget\" data-e-type=\"widget\" data-widget_type=\"image.default\">\n\t\t\t\t<div class=\"elementor-widget-container\">\n\t\t\t\t\t\t\t\t\t\t\t\t\t\t\t<img fetchpriority=\"high\" decoding=\"async\" width=\"724\" height=\"1024\" src=\"https:\/\/jief.jp\/it\/wp-content\/uploads\/2024\/12\/Locandina2024-724x1024.jpg\" class=\"attachment-large size-large wp-image-3487\" alt=\"\" srcset=\"https:\/\/jief.jp\/it\/wp-content\/uploads\/2024\/12\/Locandina2024-724x1024.jpg 724w, https:\/\/jief.jp\/it\/wp-content\/uploads\/2024\/12\/Locandina2024-212x300.jpg 212w, https:\/\/jief.jp\/it\/wp-content\/uploads\/2024\/12\/Locandina2024-768x1086.jpg 768w, https:\/\/jief.jp\/it\/wp-content\/uploads\/2024\/12\/Locandina2024-1086x1536.jpg 1086w, https:\/\/jief.jp\/it\/wp-content\/uploads\/2024\/12\/Locandina2024.jpg 1414w\" sizes=\"(max-width: 724px) 100vw, 724px\" \/>\t\t\t\t\t\t\t\t\t\t\t\t\t\t\t<\/div>\n\t\t\t\t<\/div>\n\t\t\t\t\t<\/div>\n\t\t\t\t<\/div>\n\t\t\t\t<\/div>\n\t\t","protected":false},"excerpt":{"rendered":"<p>Forum Italia Giappone XII EDIZIONE RIUNIONE ANNUALE 11 dicembre 2024 &#8211; Sala ISMA, Senato della Repubblica, Roma Si \u00e8 conclusa a Roma la dodicesima riunione del Forum Italia-Giappone, ospitata nella Sala Isma del Senato, organizzata dalla nostra Federazione con il patrocinio del Senato della Repubblica e la collaborazione del CREA, l&#8217;Ente di ricerca del Ministero dell&#8217;Agricoltura. Tra i supporter dell&#8217;iniziativa, la Japan Business Federation (Confindustria giapponese), la Camera di Commercio e Industria giapponese in Italia, CIA Agricoltori Italiani, la Camera di Commercio Italo Orientale e lo IUSS (International Union of Soil Sciences). Hanno partecipato alla riunione, aperta come di consueto dall&#8217;intervento del Presidente Daniele Di santo, fondatore del Forum, il [&hellip;]<\/p>\n","protected":false},"author":1,"featured_media":2786,"parent":0,"menu_order":0,"comment_status":"closed","ping_status":"closed","template":"","meta":{"site-sidebar-layout":"no-sidebar","site-content-layout":"page-builder","ast-site-content-layout":"default","site-content-style":"default","site-sidebar-style":"default","ast-global-header-display":"","ast-banner-title-visibility":"","ast-main-header-display":"","ast-hfb-above-header-display":"","ast-hfb-below-header-display":"","ast-hfb-mobile-header-display":"","site-post-title":"disabled","ast-breadcrumbs-content":"","ast-featured-img":"disabled","footer-sml-layout":"","ast-disable-related-posts":"","theme-transparent-header-meta":"enabled","adv-header-id-meta":"","stick-header-meta":"","header-above-stick-meta":"","header-main-stick-meta":"","header-below-stick-meta":"","astra-migrate-meta-layouts":"default","ast-page-background-enabled":"default","ast-page-background-meta":{"desktop":{"background-color":"","background-image":"","background-repeat":"repeat","background-position":"center center","background-size":"auto","background-attachment":"scroll","background-type":"","background-media":"","overlay-type":"","overlay-color":"","overlay-opacity":"","overlay-gradient":""},"tablet":{"background-color":"","background-image":"","background-repeat":"repeat","background-position":"center center","background-size":"auto","background-attachment":"scroll","background-type":"","background-media":"","overlay-type":"","overlay-color":"","overlay-opacity":"","overlay-gradient":""},"mobile":{"background-color":"","background-image":"","background-repeat":"repeat","background-position":"center center","background-size":"auto","background-attachment":"scroll","background-type":"","background-media":"","overlay-type":"","overlay-color":"","overlay-opacity":"","overlay-gradient":""}},"ast-content-background-meta":{"desktop":{"background-color":"var(--ast-global-color-5)","background-image":"","background-repeat":"repeat","background-position":"center center","background-size":"auto","background-attachment":"scroll","background-type":"","background-media":"","overlay-type":"","overlay-color":"","overlay-opacity":"","overlay-gradient":""},"tablet":{"background-color":"var(--ast-global-color-5)","background-image":"","background-repeat":"repeat","background-position":"center center","background-size":"auto","background-attachment":"scroll","background-type":"","background-media":"","overlay-type":"","overlay-color":"","overlay-opacity":"","overlay-gradient":""},"mobile":{"background-color":"var(--ast-global-color-5)","background-image":"","background-repeat":"repeat","background-position":"center center","background-size":"auto","background-attachment":"scroll","background-type":"","background-media":"","overlay-type":"","overlay-color":"","overlay-opacity":"","overlay-gradient":""}},"jetpack_post_was_ever_published":false,"footnotes":""},"class_list":["post-3889","page","type-page","status-publish","has-post-thumbnail","hentry"],"yoast_head":"<!-- This site is optimized with the Yoast SEO plugin v27.5 - https:\/\/yoast.com\/product\/yoast-seo-wordpress\/ -->\n<title>FORUM ITALIA GIAPPONE - XII Riunione - Japan Italy Economic Federation<\/title>\n<meta name=\"robots\" content=\"index, follow, max-snippet:-1, max-image-preview:large, max-video-preview:-1\" \/>\n<link rel=\"canonical\" href=\"https:\/\/jief.jp\/it\/forum2024\/\" \/>\n<meta property=\"og:locale\" content=\"it_IT\" \/>\n<meta property=\"og:type\" content=\"article\" \/>\n<meta property=\"og:title\" content=\"FORUM ITALIA GIAPPONE - XII Riunione - Japan Italy Economic Federation\" \/>\n<meta property=\"og:description\" content=\"Forum Italia Giappone XII EDIZIONE RIUNIONE ANNUALE 11 dicembre 2024 &#8211; Sala ISMA, Senato della Repubblica, Roma Si \u00e8 conclusa a Roma la dodicesima riunione del Forum Italia-Giappone, ospitata nella Sala Isma del Senato, organizzata dalla nostra Federazione con il patrocinio del Senato della Repubblica e la collaborazione del CREA, l&#8217;Ente di ricerca del Ministero dell&#8217;Agricoltura. Tra i supporter dell&#8217;iniziativa, la Japan Business Federation (Confindustria giapponese), la Camera di Commercio e Industria giapponese in Italia, CIA Agricoltori Italiani, la Camera di Commercio Italo Orientale e lo IUSS (International Union of Soil Sciences). Hanno partecipato alla riunione, aperta come di consueto dall&#8217;intervento del Presidente Daniele Di santo, fondatore del Forum, il [&hellip;]\" \/>\n<meta property=\"og:url\" content=\"https:\/\/jief.jp\/it\/forum2024\/\" \/>\n<meta property=\"og:site_name\" content=\"Japan Italy Economic Federation\" \/>\n<meta property=\"article:publisher\" content=\"https:\/\/www.facebook.com\/JapanItalyEconomicFederationJIEF\" \/>\n<meta property=\"article:modified_time\" content=\"2026-01-31T12:13:09+00:00\" \/>\n<meta property=\"og:image\" content=\"https:\/\/jief.jp\/it\/wp-content\/uploads\/2020\/10\/forum-italia-giappone.jpg\" \/>\n\t<meta property=\"og:image:width\" content=\"1600\" \/>\n\t<meta property=\"og:image:height\" content=\"948\" \/>\n\t<meta property=\"og:image:type\" content=\"image\/jpeg\" \/>\n<meta name=\"twitter:card\" content=\"summary_large_image\" \/>\n<meta name=\"twitter:label1\" content=\"Tempo di lettura stimato\" \/>\n\t<meta name=\"twitter:data1\" content=\"17 minuti\" \/>\n<script type=\"application\/ld+json\" class=\"yoast-schema-graph\">{\"@context\":\"https:\\\/\\\/schema.org\",\"@graph\":[{\"@type\":\"WebPage\",\"@id\":\"https:\\\/\\\/jief.jp\\\/it\\\/forum2024\\\/\",\"url\":\"https:\\\/\\\/jief.jp\\\/it\\\/forum2024\\\/\",\"name\":\"FORUM ITALIA GIAPPONE - XII Riunione - Japan Italy Economic Federation\",\"isPartOf\":{\"@id\":\"https:\\\/\\\/jief.jp\\\/it\\\/#website\"},\"primaryImageOfPage\":{\"@id\":\"https:\\\/\\\/jief.jp\\\/it\\\/forum2024\\\/#primaryimage\"},\"image\":{\"@id\":\"https:\\\/\\\/jief.jp\\\/it\\\/forum2024\\\/#primaryimage\"},\"thumbnailUrl\":\"https:\\\/\\\/jief.jp\\\/it\\\/wp-content\\\/uploads\\\/2020\\\/10\\\/forum-italia-giappone.jpg\",\"datePublished\":\"2025-10-05T08:50:33+00:00\",\"dateModified\":\"2026-01-31T12:13:09+00:00\",\"breadcrumb\":{\"@id\":\"https:\\\/\\\/jief.jp\\\/it\\\/forum2024\\\/#breadcrumb\"},\"inLanguage\":\"it-IT\",\"potentialAction\":[{\"@type\":\"ReadAction\",\"target\":[\"https:\\\/\\\/jief.jp\\\/it\\\/forum2024\\\/\"]}]},{\"@type\":\"ImageObject\",\"inLanguage\":\"it-IT\",\"@id\":\"https:\\\/\\\/jief.jp\\\/it\\\/forum2024\\\/#primaryimage\",\"url\":\"https:\\\/\\\/jief.jp\\\/it\\\/wp-content\\\/uploads\\\/2020\\\/10\\\/forum-italia-giappone.jpg\",\"contentUrl\":\"https:\\\/\\\/jief.jp\\\/it\\\/wp-content\\\/uploads\\\/2020\\\/10\\\/forum-italia-giappone.jpg\",\"width\":1600,\"height\":948},{\"@type\":\"BreadcrumbList\",\"@id\":\"https:\\\/\\\/jief.jp\\\/it\\\/forum2024\\\/#breadcrumb\",\"itemListElement\":[{\"@type\":\"ListItem\",\"position\":1,\"name\":\"Home\",\"item\":\"https:\\\/\\\/jief.jp\\\/it\\\/\"},{\"@type\":\"ListItem\",\"position\":2,\"name\":\"FORUM ITALIA GIAPPONE &#8211; XII Riunione\"}]},{\"@type\":\"WebSite\",\"@id\":\"https:\\\/\\\/jief.jp\\\/it\\\/#website\",\"url\":\"https:\\\/\\\/jief.jp\\\/it\\\/\",\"name\":\"Japan Italy Economic Federation\",\"description\":\"Japan Italy Economic Federation | \u65e5\u4f0a\u7d4c\u6e08\u9023\u5408\u4f1a\",\"publisher\":{\"@id\":\"https:\\\/\\\/jief.jp\\\/it\\\/#organization\"},\"potentialAction\":[{\"@type\":\"SearchAction\",\"target\":{\"@type\":\"EntryPoint\",\"urlTemplate\":\"https:\\\/\\\/jief.jp\\\/it\\\/?s={search_term_string}\"},\"query-input\":{\"@type\":\"PropertyValueSpecification\",\"valueRequired\":true,\"valueName\":\"search_term_string\"}}],\"inLanguage\":\"it-IT\"},{\"@type\":\"Organization\",\"@id\":\"https:\\\/\\\/jief.jp\\\/it\\\/#organization\",\"name\":\"Japan Italy Economic Federation\",\"url\":\"https:\\\/\\\/jief.jp\\\/it\\\/\",\"logo\":{\"@type\":\"ImageObject\",\"inLanguage\":\"it-IT\",\"@id\":\"https:\\\/\\\/jief.jp\\\/it\\\/#\\\/schema\\\/logo\\\/image\\\/\",\"url\":\"https:\\\/\\\/jief.jp\\\/it\\\/wp-content\\\/uploads\\\/2018\\\/11\\\/logo129x82-1.png\",\"contentUrl\":\"https:\\\/\\\/jief.jp\\\/it\\\/wp-content\\\/uploads\\\/2018\\\/11\\\/logo129x82-1.png\",\"width\":129,\"height\":63,\"caption\":\"Japan Italy Economic Federation\"},\"image\":{\"@id\":\"https:\\\/\\\/jief.jp\\\/it\\\/#\\\/schema\\\/logo\\\/image\\\/\"},\"sameAs\":[\"https:\\\/\\\/www.facebook.com\\\/JapanItalyEconomicFederationJIEF\"]}]}<\/script>\n<!-- \/ Yoast SEO plugin. -->","yoast_head_json":{"title":"FORUM ITALIA GIAPPONE - XII Riunione - Japan Italy Economic Federation","robots":{"index":"index","follow":"follow","max-snippet":"max-snippet:-1","max-image-preview":"max-image-preview:large","max-video-preview":"max-video-preview:-1"},"canonical":"https:\/\/jief.jp\/it\/forum2024\/","og_locale":"it_IT","og_type":"article","og_title":"FORUM ITALIA GIAPPONE - XII Riunione - Japan Italy Economic Federation","og_description":"Forum Italia Giappone XII EDIZIONE RIUNIONE ANNUALE 11 dicembre 2024 &#8211; Sala ISMA, Senato della Repubblica, Roma Si \u00e8 conclusa a Roma la dodicesima riunione del Forum Italia-Giappone, ospitata nella Sala Isma del Senato, organizzata dalla nostra Federazione con il patrocinio del Senato della Repubblica e la collaborazione del CREA, l&#8217;Ente di ricerca del Ministero dell&#8217;Agricoltura. Tra i supporter dell&#8217;iniziativa, la Japan Business Federation (Confindustria giapponese), la Camera di Commercio e Industria giapponese in Italia, CIA Agricoltori Italiani, la Camera di Commercio Italo Orientale e lo IUSS (International Union of Soil Sciences). Hanno partecipato alla riunione, aperta come di consueto dall&#8217;intervento del Presidente Daniele Di santo, fondatore del Forum, il [&hellip;]","og_url":"https:\/\/jief.jp\/it\/forum2024\/","og_site_name":"Japan Italy Economic Federation","article_publisher":"https:\/\/www.facebook.com\/JapanItalyEconomicFederationJIEF","article_modified_time":"2026-01-31T12:13:09+00:00","og_image":[{"width":1600,"height":948,"url":"https:\/\/jief.jp\/it\/wp-content\/uploads\/2020\/10\/forum-italia-giappone.jpg","type":"image\/jpeg"}],"twitter_card":"summary_large_image","twitter_misc":{"Tempo di lettura stimato":"17 minuti"},"schema":{"@context":"https:\/\/schema.org","@graph":[{"@type":"WebPage","@id":"https:\/\/jief.jp\/it\/forum2024\/","url":"https:\/\/jief.jp\/it\/forum2024\/","name":"FORUM ITALIA GIAPPONE - XII Riunione - Japan Italy Economic Federation","isPartOf":{"@id":"https:\/\/jief.jp\/it\/#website"},"primaryImageOfPage":{"@id":"https:\/\/jief.jp\/it\/forum2024\/#primaryimage"},"image":{"@id":"https:\/\/jief.jp\/it\/forum2024\/#primaryimage"},"thumbnailUrl":"https:\/\/jief.jp\/it\/wp-content\/uploads\/2020\/10\/forum-italia-giappone.jpg","datePublished":"2025-10-05T08:50:33+00:00","dateModified":"2026-01-31T12:13:09+00:00","breadcrumb":{"@id":"https:\/\/jief.jp\/it\/forum2024\/#breadcrumb"},"inLanguage":"it-IT","potentialAction":[{"@type":"ReadAction","target":["https:\/\/jief.jp\/it\/forum2024\/"]}]},{"@type":"ImageObject","inLanguage":"it-IT","@id":"https:\/\/jief.jp\/it\/forum2024\/#primaryimage","url":"https:\/\/jief.jp\/it\/wp-content\/uploads\/2020\/10\/forum-italia-giappone.jpg","contentUrl":"https:\/\/jief.jp\/it\/wp-content\/uploads\/2020\/10\/forum-italia-giappone.jpg","width":1600,"height":948},{"@type":"BreadcrumbList","@id":"https:\/\/jief.jp\/it\/forum2024\/#breadcrumb","itemListElement":[{"@type":"ListItem","position":1,"name":"Home","item":"https:\/\/jief.jp\/it\/"},{"@type":"ListItem","position":2,"name":"FORUM ITALIA GIAPPONE &#8211; XII Riunione"}]},{"@type":"WebSite","@id":"https:\/\/jief.jp\/it\/#website","url":"https:\/\/jief.jp\/it\/","name":"Japan Italy Economic Federation","description":"Japan Italy Economic Federation | \u65e5\u4f0a\u7d4c\u6e08\u9023\u5408\u4f1a","publisher":{"@id":"https:\/\/jief.jp\/it\/#organization"},"potentialAction":[{"@type":"SearchAction","target":{"@type":"EntryPoint","urlTemplate":"https:\/\/jief.jp\/it\/?s={search_term_string}"},"query-input":{"@type":"PropertyValueSpecification","valueRequired":true,"valueName":"search_term_string"}}],"inLanguage":"it-IT"},{"@type":"Organization","@id":"https:\/\/jief.jp\/it\/#organization","name":"Japan Italy Economic Federation","url":"https:\/\/jief.jp\/it\/","logo":{"@type":"ImageObject","inLanguage":"it-IT","@id":"https:\/\/jief.jp\/it\/#\/schema\/logo\/image\/","url":"https:\/\/jief.jp\/it\/wp-content\/uploads\/2018\/11\/logo129x82-1.png","contentUrl":"https:\/\/jief.jp\/it\/wp-content\/uploads\/2018\/11\/logo129x82-1.png","width":129,"height":63,"caption":"Japan Italy Economic Federation"},"image":{"@id":"https:\/\/jief.jp\/it\/#\/schema\/logo\/image\/"},"sameAs":["https:\/\/www.facebook.com\/JapanItalyEconomicFederationJIEF"]}]}},"jetpack_sharing_enabled":true,"jetpack_shortlink":"https:\/\/wp.me\/ParZAv-10J","_links":{"self":[{"href":"https:\/\/jief.jp\/it\/wp-json\/wp\/v2\/pages\/3889","targetHints":{"allow":["GET"]}}],"collection":[{"href":"https:\/\/jief.jp\/it\/wp-json\/wp\/v2\/pages"}],"about":[{"href":"https:\/\/jief.jp\/it\/wp-json\/wp\/v2\/types\/page"}],"author":[{"embeddable":true,"href":"https:\/\/jief.jp\/it\/wp-json\/wp\/v2\/users\/1"}],"replies":[{"embeddable":true,"href":"https:\/\/jief.jp\/it\/wp-json\/wp\/v2\/comments?post=3889"}],"version-history":[{"count":24,"href":"https:\/\/jief.jp\/it\/wp-json\/wp\/v2\/pages\/3889\/revisions"}],"predecessor-version":[{"id":4336,"href":"https:\/\/jief.jp\/it\/wp-json\/wp\/v2\/pages\/3889\/revisions\/4336"}],"wp:featuredmedia":[{"embeddable":true,"href":"https:\/\/jief.jp\/it\/wp-json\/wp\/v2\/media\/2786"}],"wp:attachment":[{"href":"https:\/\/jief.jp\/it\/wp-json\/wp\/v2\/media?parent=3889"}],"curies":[{"name":"wp","href":"https:\/\/api.w.org\/{rel}","templated":true}]}}